{"id":1750,"date":"2025-01-08T10:23:51","date_gmt":"2025-01-08T09:23:51","guid":{"rendered":"https:\/\/birdingebrepirineus.com\/espais\/mas-de-melons-alfes\/"},"modified":"2025-01-22T14:55:05","modified_gmt":"2025-01-22T13:55:05","slug":"mas-de-melons-alfes","status":"publish","type":"espais","link":"https:\/\/birdingebrepirineus.com\/es\/espacios\/mas-de-melons-alfes\/","title":{"rendered":"Mas de Melons-Alf\u00e9s"},"content":{"rendered":"\n<p><br\/>Este espacio natural protegido, de car\u00e1cter agr\u00edcola y ganadero, es una de las mejores muestras de h\u00e1bitats esteparios de Catalu\u00f1a y tiene una poblaci\u00f3n vegetal muy singular. Se pueden ver numerosas especies de aves esteparias, por lo que es uno de los parajes m\u00e1s apreciados por los ornit\u00f3logos. Aquestes aus troben els seus h\u00e0bitats ideals en els guarets, erms i conreus gestionats per ramats d\u2019ov\u00ed, i en els camps d\u2019oliveres i ametllers.<\/p>\n","protected":false},"featured_media":1816,"template":"","sectors":[32],"class_list":["post-1750","espais","type-espais","status-publish","has-post-thumbnail","hentry","sectors-sector-de-los-secanos"],"_links":{"self":[{"href":"https:\/\/birdingebrepirineus.com\/es\/wp-json\/wp\/v2\/espais\/1750","targetHints":{"allow":["GET"]}}],"collection":[{"href":"https:\/\/birdingebrepirineus.com\/es\/wp-json\/wp\/v2\/espais"}],"about":[{"href":"https:\/\/birdingebrepirineus.com\/es\/wp-json\/wp\/v2\/types\/espais"}],"wp:featuredmedia":[{"embeddable":true,"href":"https:\/\/birdingebrepirineus.com\/es\/wp-json\/wp\/v2\/media\/1816"}],"wp:attachment":[{"href":"https:\/\/birdingebrepirineus.com\/es\/wp-json\/wp\/v2\/media?parent=1750"}],"wp:term":[{"taxonomy":"sectors","embeddable":true,"href":"https:\/\/birdingebrepirineus.com\/es\/wp-json\/wp\/v2\/sectors?post=1750"}],"curies":[{"name":"wp","href":"https:\/\/api.w.org\/{rel}","templated":true}]}}