{"id":1751,"date":"2025-01-08T10:24:43","date_gmt":"2025-01-08T09:24:43","guid":{"rendered":"https:\/\/birdingebrepirineus.com\/espais\/estanque-de-ivars-i-vila-sana\/"},"modified":"2025-01-22T14:59:07","modified_gmt":"2025-01-22T13:59:07","slug":"estanque-de-ivars-i-vila-sana","status":"publish","type":"espais","link":"https:\/\/birdingebrepirineus.com\/es\/espacios\/estanque-de-ivars-i-vila-sana\/","title":{"rendered":"Estanque de Ivars i Vila-sana"},"content":{"rendered":"\n<p><br\/>Este estanque se desec\u00f3 en 1951 y se recuper\u00f3 a principios del siglo xxi, cuando se convirti\u00f3 en la laguna interior m\u00e1s grande de Catalu\u00f1a (con 126 hect\u00e1reas). Est\u00e1 enclavada en medio del llano cerealista de Lleida, lo que nos permite observar especies de ambientes acu\u00e1ticos y esteparios. Con el proyecto de recuperaci\u00f3n se recrearon a lo largo del estanque islas con diferentes formas, pendientes, alturas y emplazamientos propicios para las aves y otras especies animales.  <\/p>\n","protected":false},"featured_media":1829,"template":"","sectors":[32],"class_list":["post-1751","espais","type-espais","status-publish","has-post-thumbnail","hentry","sectors-sector-de-los-secanos"],"_links":{"self":[{"href":"https:\/\/birdingebrepirineus.com\/es\/wp-json\/wp\/v2\/espais\/1751","targetHints":{"allow":["GET"]}}],"collection":[{"href":"https:\/\/birdingebrepirineus.com\/es\/wp-json\/wp\/v2\/espais"}],"about":[{"href":"https:\/\/birdingebrepirineus.com\/es\/wp-json\/wp\/v2\/types\/espais"}],"wp:featuredmedia":[{"embeddable":true,"href":"https:\/\/birdingebrepirineus.com\/es\/wp-json\/wp\/v2\/media\/1829"}],"wp:attachment":[{"href":"https:\/\/birdingebrepirineus.com\/es\/wp-json\/wp\/v2\/media?parent=1751"}],"wp:term":[{"taxonomy":"sectors","embeddable":true,"href":"https:\/\/birdingebrepirineus.com\/es\/wp-json\/wp\/v2\/sectors?post=1751"}],"curies":[{"name":"wp","href":"https:\/\/api.w.org\/{rel}","templated":true}]}}