{"id":1752,"date":"2025-01-08T10:25:43","date_gmt":"2025-01-08T09:25:43","guid":{"rendered":"https:\/\/birdingebrepirineus.com\/espais\/secanos-de-belianes-preixana\/"},"modified":"2025-01-22T15:00:20","modified_gmt":"2025-01-22T14:00:20","slug":"secanos-de-belianes-preixana","status":"publish","type":"espais","link":"https:\/\/birdingebrepirineus.com\/es\/espacios\/secanos-de-belianes-preixana\/","title":{"rendered":"Secanos de Belianes-Preixana"},"content":{"rendered":"\n<p><br\/>Este gran llano aluvial est\u00e1 formado por las gravas depositadas por el r\u00edo Corb y, en algunos sectores, forma un extenso altiplano agr\u00edcola rodeado de peque\u00f1as sierras. En este predominan cereales de invierno y, secundariamente, almendros, olivos y vides. Los m\u00e1rgenes de los campos mantienen algunos \u00e1rboles grandes, como encinas y almeces, y un rico patrimonio de piedra seca (caba\u00f1as de b\u00f3veda, muros, etc.). En la zona abundan las aves esteparias y nidifican m\u00e1s de 30 especies.   <\/p>\n","protected":false},"featured_media":1819,"template":"","sectors":[32],"class_list":["post-1752","espais","type-espais","status-publish","has-post-thumbnail","hentry","sectors-sector-de-los-secanos"],"_links":{"self":[{"href":"https:\/\/birdingebrepirineus.com\/es\/wp-json\/wp\/v2\/espais\/1752","targetHints":{"allow":["GET"]}}],"collection":[{"href":"https:\/\/birdingebrepirineus.com\/es\/wp-json\/wp\/v2\/espais"}],"about":[{"href":"https:\/\/birdingebrepirineus.com\/es\/wp-json\/wp\/v2\/types\/espais"}],"wp:featuredmedia":[{"embeddable":true,"href":"https:\/\/birdingebrepirineus.com\/es\/wp-json\/wp\/v2\/media\/1819"}],"wp:attachment":[{"href":"https:\/\/birdingebrepirineus.com\/es\/wp-json\/wp\/v2\/media?parent=1752"}],"wp:term":[{"taxonomy":"sectors","embeddable":true,"href":"https:\/\/birdingebrepirineus.com\/es\/wp-json\/wp\/v2\/sectors?post=1752"}],"curies":[{"name":"wp","href":"https:\/\/api.w.org\/{rel}","templated":true}]}}