{"id":1758,"date":"2025-01-08T10:32:53","date_gmt":"2025-01-08T09:32:53","guid":{"rendered":"https:\/\/birdingebrepirineus.com\/espais\/parque-nacional-de-aiguestortes-i-estany-de-sant-maurici-mata-de-valenciaparc-nacional-daiguestortes-i-estany-de-sant-maurici-mata-de-valencia\/"},"modified":"2025-01-22T15:27:35","modified_gmt":"2025-01-22T14:27:35","slug":"parque-nacional-de-aiguestortes-i-estany-de-sant-maurici-mata-de-valenciaparc-nacional-daiguestortes-i-estany-de-sant-maurici-mata-de-valencia","status":"publish","type":"espais","link":"https:\/\/birdingebrepirineus.com\/es\/espacios\/parque-nacional-de-aiguestortes-i-estany-de-sant-maurici-mata-de-valenciaparc-nacional-daiguestortes-i-estany-de-sant-maurici-mata-de-valencia\/","title":{"rendered":"Parque Nacional de Aig\u00fcestortes i Estany de Sant Maurici: mata de Val\u00e8nciaParc Nacional d\u2019Aig\u00fcestortes i Estany de Sant Maurici: mata de Val\u00e8ncia"},"content":{"rendered":"\n<p>El \u00fanico parque nacional del pa\u00eds es uno de los paisajes de monta\u00f1a m\u00e1s ic\u00f3nicos de Catalu\u00f1a, con una muestra destacada de los diversos h\u00e1bitats de la cordillera pirenaica (bosques de con\u00edferas y de ribera, prados alpinos y subalpinos, canchales, estanques, etc.). Podremos observar las aves de alta monta\u00f1a t\u00edpicas, desde especies forestales hasta rup\u00edcolas, as\u00ed como las de ambientes alpinos. El Parque Nacional tiene varios valles de acceso, todos ellos recomendables, pero para observar aves forestales es ideal adentrarse por la mata de Val\u00e8ncia (o bosque del Gerdar), el abetal m\u00e1s importante de la pen\u00ednsula ib\u00e9rica, situado en los valles de \u00c0neu.  <\/p>\n","protected":false},"featured_media":0,"template":"","sectors":[28],"class_list":["post-1758","espais","type-espais","status-publish","hentry","sectors-sector-de-los-pirineos"],"_links":{"self":[{"href":"https:\/\/birdingebrepirineus.com\/es\/wp-json\/wp\/v2\/espais\/1758","targetHints":{"allow":["GET"]}}],"collection":[{"href":"https:\/\/birdingebrepirineus.com\/es\/wp-json\/wp\/v2\/espais"}],"about":[{"href":"https:\/\/birdingebrepirineus.com\/es\/wp-json\/wp\/v2\/types\/espais"}],"wp:attachment":[{"href":"https:\/\/birdingebrepirineus.com\/es\/wp-json\/wp\/v2\/media?parent=1758"}],"wp:term":[{"taxonomy":"sectors","embeddable":true,"href":"https:\/\/birdingebrepirineus.com\/es\/wp-json\/wp\/v2\/sectors?post=1758"}],"curies":[{"name":"wp","href":"https:\/\/api.w.org\/{rel}","templated":true}]}}