{"id":1762,"date":"2025-01-08T10:40:21","date_gmt":"2025-01-08T09:40:21","guid":{"rendered":"https:\/\/birdingebrepirineus.com\/espais\/parque-natural-del-cadi-moixero-prado-de-cadi\/"},"modified":"2025-04-10T12:52:20","modified_gmt":"2025-04-10T10:52:20","slug":"parque-natural-del-cadi-moixero-prado-de-cadi","status":"publish","type":"espais","link":"https:\/\/birdingebrepirineus.com\/es\/espacios\/parque-natural-del-cadi-moixero-prado-de-cadi\/","title":{"rendered":"Parque Natural del Cad\u00ed-Moixer\u00f3: Prat de Cad\u00ed"},"content":{"rendered":"\n<p><br\/>Las dos grandes cordilleras del Cad\u00ed y el Moixer\u00f3 forman una impresionante barrera monta\u00f1osa, punto de uni\u00f3n entre el Prepirineo y los Pirineos. Esta situaci\u00f3n estrat\u00e9gica se traduce en una notable biodiversidad, con m\u00e1s de 130 especies de aves observables de forma regular. Las que m\u00e1s atraen la atenci\u00f3n son las asociadas a los bosques y a la alta monta\u00f1a y una de ellas es el protagonista del logotipo del Parque Natural. Desde el peque\u00f1o pueblo de Estana un itinerario a pie \u2014de una belleza extraordinaria\u2014 sube al prat de Cad\u00ed y permite disfrutar de buenas observaciones de aves.   <\/p>\n","protected":false},"featured_media":0,"template":"","sectors":[28],"class_list":["post-1762","espais","type-espais","status-publish","hentry","sectors-sector-de-los-pirineos"],"_links":{"self":[{"href":"https:\/\/birdingebrepirineus.com\/es\/wp-json\/wp\/v2\/espais\/1762","targetHints":{"allow":["GET"]}}],"collection":[{"href":"https:\/\/birdingebrepirineus.com\/es\/wp-json\/wp\/v2\/espais"}],"about":[{"href":"https:\/\/birdingebrepirineus.com\/es\/wp-json\/wp\/v2\/types\/espais"}],"wp:attachment":[{"href":"https:\/\/birdingebrepirineus.com\/es\/wp-json\/wp\/v2\/media?parent=1762"}],"wp:term":[{"taxonomy":"sectors","embeddable":true,"href":"https:\/\/birdingebrepirineus.com\/es\/wp-json\/wp\/v2\/sectors?post=1762"}],"curies":[{"name":"wp","href":"https:\/\/api.w.org\/{rel}","templated":true}]}}